{"id":919,"date":"2021-06-14T05:57:01","date_gmt":"2021-06-14T03:57:01","guid":{"rendered":"https:\/\/bpolifactoreming.com\/?page_id=919"},"modified":"2021-06-14T06:02:37","modified_gmt":"2021-06-14T04:02:37","slug":"adatkezelesi-tajekoztato-2","status":"publish","type":"page","link":"https:\/\/bpolifactoreming.com\/en\/adatkezelesi-tajekoztato-2\/","title":{"rendered":"Terms and conditions"},"content":{"rendered":"\t\t<div data-elementor-type=\"wp-page\" data-elementor-id=\"919\" class=\"elementor elementor-919\" data-elementor-post-type=\"page\">\n\t\t\t\t\t\t<section class=\"elementor-section elementor-top-section elementor-element elementor-element-12726b00 elementor-section-height-min-height elementor-section-full_width elementor-section-height-default elementor-section-items-middle\" data-id=\"12726b00\" data-element_type=\"section\" data-e-type=\"section\" data-settings=\"{&quot;background_background&quot;:&quot;classic&quot;,&quot;background_motion_fx_motion_fx_scrolling&quot;:&quot;yes&quot;,&quot;background_motion_fx_translateY_effect&quot;:&quot;yes&quot;,&quot;background_motion_fx_translateY_speed&quot;:{&quot;unit&quot;:&quot;px&quot;,&quot;size&quot;:2,&quot;sizes&quot;:[]},&quot;shape_divider_bottom&quot;:&quot;tilt&quot;,&quot;background_motion_fx_translateY_affectedRange&quot;:{&quot;unit&quot;:&quot;%&quot;,&quot;size&quot;:&quot;&quot;,&quot;sizes&quot;:{&quot;start&quot;:0,&quot;end&quot;:100}},&quot;background_motion_fx_devices&quot;:[&quot;desktop&quot;,&quot;tablet&quot;,&quot;mobile&quot;]}\">\n\t\t\t\t\t\t\t<div class=\"elementor-background-overlay\"><\/div>\n\t\t\t\t\t\t<div class=\"elementor-shape elementor-shape-bottom\" aria-hidden=\"true\" data-negative=\"false\">\n\t\t\t<svg xmlns=\"http:\/\/www.w3.org\/2000\/svg\" viewBox=\"0 0 1000 100\" preserveAspectRatio=\"none\">\n\t<path class=\"elementor-shape-fill\" d=\"M0,6V0h1000v100L0,6z\"\/>\n<\/svg>\t\t<\/div>\n\t\t\t\t\t<div class=\"elementor-container elementor-column-gap-default\">\n\t\t\t\t\t<div class=\"elementor-column elementor-col-100 elementor-top-column elementor-element elementor-element-5aa7c7b6\" data-id=\"5aa7c7b6\" data-element_type=\"column\" data-e-type=\"column\">\n\t\t\t<div class=\"elementor-widget-wrap elementor-element-populated\">\n\t\t\t\t\t\t<div class=\"elementor-element elementor-element-1eaeb743 elementor-widget elementor-widget-heading\" data-id=\"1eaeb743\" data-element_type=\"widget\" data-e-type=\"widget\" data-widget_type=\"heading.default\">\n\t\t\t\t<div class=\"elementor-widget-container\">\n\t\t\t\t\t<h2 class=\"elementor-heading-title elementor-size-default\">Adatv\u00e9delmi t\u00e1j\u00e9koztat\u00f3<\/h2>\t\t\t\t<\/div>\n\t\t\t\t<\/div>\n\t\t\t\t\t<\/div>\n\t\t<\/div>\n\t\t\t\t\t<\/div>\n\t\t<\/section>\n\t\t\t\t<section class=\"elementor-section elementor-top-section elementor-element elementor-element-3623e68a elementor-section-boxed elementor-section-height-default elementor-section-height-default\" data-id=\"3623e68a\" data-element_type=\"section\" data-e-type=\"section\" data-settings=\"{&quot;background_background&quot;:&quot;classic&quot;}\">\n\t\t\t\t\t\t<div class=\"elementor-container elementor-column-gap-default\">\n\t\t\t\t\t<div class=\"elementor-column elementor-col-100 elementor-top-column elementor-element elementor-element-7db837fd\" data-id=\"7db837fd\" data-element_type=\"column\" data-e-type=\"column\">\n\t\t\t<div class=\"elementor-widget-wrap elementor-element-populated\">\n\t\t\t\t\t\t<div class=\"elementor-element elementor-element-43c7328a elementor-widget elementor-widget-text-editor\" data-id=\"43c7328a\" data-element_type=\"widget\" data-e-type=\"widget\" data-widget_type=\"text-editor.default\">\n\t\t\t\t<div class=\"elementor-widget-container\">\n\t\t\t\t\t\t\t\t\t<p><strong>1. BEVEZET\u00c9S:<\/strong><\/p><p>A www.bpolifactoreming.com weboldal \u00fczemeltet\u0151je a B-Polifactoreming Korl\u00e1tolt felel\u0151ss\u00e9g\u0171 t\u00e1rsas\u00e1g (sz\u00e9khelye: 2543, S\u00fctt\u0151, Feh\u00e9r \u00fat 22. cg.: 11-09-020365, tov\u00e1bbiakban: mint Adatkezel\u0151 vagy B-POLIFACTOREMING ) az al\u00e1bbiakban t\u00e1j\u00e9koztatja a Felhaszn\u00e1l\u00f3kat a Honlapon t\u00f6rt\u00e9n\u0151 \u00e9s az \u00e1ltala ny\u00fajtott szolg\u00e1ltat\u00e1ssal \u00f6sszef\u00fcgg\u0151 adatkezel\u00e9sekkel kapcsolatban az inform\u00e1ci\u00f3s \u00f6nrendelkez\u00e9si jogr\u00f3l \u00e9s az inform\u00e1ci\u00f3sszabads\u00e1gr\u00f3l sz\u00f3l\u00f3 2011. \u00e9vi CXII. tv., valamint Eur\u00f3pai Parlament \u00e9s a Tan\u00e1cs \u00c1ltal\u00e1nos Adatv\u00e9delmi Rendelet\u00e9r\u0151l sz\u00f3l\u00f3 2016\/679. sz\u00e1m\u00fa rendelet\u00e9vel (tov\u00e1bbiakban: GDPR) \u00f6sszhangban.<\/p><p>Az Adatkezel\u0151 mag\u00e1ra n\u00e9zve k\u00f6telez\u0151nek ismeri el a jelen adatkezel\u00e9si t\u00e1j\u00e9koztat\u00f3 tartalm\u00e1t. Az Adatkezel\u0151 kiemelten fontosnak tartja felhaszn\u00e1l\u00f3i \u00e9s minden egy\u00e9b \u00c9rintett inform\u00e1ci\u00f3s \u00f6nrendelkez\u00e9si jog\u00e1nak tiszteletben tart\u00e1s\u00e1t, ez\u00e9rt a szem\u00e9lyes adatokat bizalmasan kezeli \u00e9s megtesz minden olyan int\u00e9zked\u00e9st, mely az adatok biztons\u00e1g\u00e1t garant\u00e1lja.<\/p><p>A B-POLIFACTOREMING adatkezel\u00e9sei sor\u00e1n betartja a Nemzeti Adatv\u00e9delmi \u00e9s Inform\u00e1ci\u00f3sszabads\u00e1g Hat\u00f3s\u00e1g ir\u00e1nymutat\u00e1sait, valamint az adatkezel\u00e9ssel kapcsolatos hat\u00e1lyos jogszab\u00e1lyokat, \u00edgy k\u00fcl\u00f6n\u00f6sen az al\u00e1bbiakat:<\/p><ul><li aria-level=\"1\">az elektronikus kereskedelmi szolg\u00e1ltat\u00e1sok, valamint az inform\u00e1ci\u00f3s t\u00e1rsadalommal \u00f6sszef\u00fcgg\u0151 szolg\u00e1ltat\u00e1sok egyes k\u00e9rd\u00e9seir\u0151l sz\u00f3l\u00f3 2001. \u00e9vi CVIII. tv (Eker. tv.),<\/li><li aria-level=\"1\">az elektronikus h\u00edrk\u00f6zl\u00e9sr\u0151l sz\u00f3l\u00f3 2003. \u00e9vi C. tv. (Eht),<\/li><li aria-level=\"1\">az inform\u00e1ci\u00f3s \u00f6nrendelkez\u00e9si jogr\u00f3l \u00e9s az inform\u00e1ci\u00f3sszabads\u00e1gr\u00f3l sz\u00f3l\u00f3 2011. \u00e9vi CXII. tv. (Infotv),<\/li><li aria-level=\"1\">a gazdas\u00e1gi rekl\u00e1mtev\u00e9kenys\u00e9g alapvet\u0151 felt\u00e9teleir\u0151l \u00e9s egyes korl\u00e1tair\u00f3l sz\u00f3l\u00f3 2008. \u00e9vi XLVIII. tv. (Grt)<\/li><\/ul><ul><li aria-level=\"1\">az Eur\u00f3pai Parlament \u00e9s a Tan\u00e1cs (EU) 2016\/679. sz\u00e1m\u00fa rendelete (tov\u00e1bbiakban: GDPR),<\/li><li aria-level=\"1\">a sz\u00e1mvitelr\u0151l sz\u00f3l\u00f3 2000. \u00e9vi C. t\u00f6rv\u00e9ny (Sz\u00e1mv. tv.)<\/li><\/ul><p>\u00a0<\/p><p><strong>2. FOGALOM MEGHAT\u00c1ROZ\u00c1SOK<\/strong><br \/><br \/>2.1. Honlap: www.bpolifactoreming.com domain alatt el\u00e9rhet\u0151 tartalom \u00e9s szolg\u00e1ltat\u00e1sok \u00f6sszess\u00e9ge, ahol a Felhaszn\u00e1l\u00f3k az Adatkezel\u0151 tev\u00e9kenys\u00e9g\u00e9r\u0151l szerezhetnek inform\u00e1ci\u00f3kat.<\/p><p>2.2. \u00c9rintett: az adatkezel\u00e9s sor\u00e1n azonos\u00edtott vagy azonos\u00edthat\u00f3 term\u00e9szetes szem\u00e9ly. A Honlapot l\u00e1togat\u00f3 Felhaszn\u00e1l\u00f3k \u00e9s mindazok, akiknek a szem\u00e9lyes adatait az Adatkezel\u0151 kezeli.<\/p><p>2.3. Felhaszn\u00e1l\u00f3: az internetes fel\u00fcletet haszn\u00e1l\u00f3 szem\u00e9ly. A honlapon 16. \u00e9let\u00e9vet be nem t\u00f6lt\u00f6tt szem\u00e9lyek csak a sz\u00fcl\u0151i fel\u00fcgyeletet gyakorl\u00f3 hozz\u00e1j\u00e1rul\u00e1s\u00e1val regisztr\u00e1lhatnak.<\/p><p>2.4. Szem\u00e9lyes adat: az \u00c9rintettre vonatkoz\u00f3 b\u00e1rmely inform\u00e1ci\u00f3. Azonos\u00edthat\u00f3 az a term\u00e9szetes szem\u00e9ly, aki k\u00f6zvetlen vagy k\u00f6zvetett m\u00f3don, k\u00fcl\u00f6n\u00f6sen valamely azonos\u00edt\u00f3, p\u00e9ld\u00e1ul: n\u00e9v, sz\u00e1m, helymeghat\u00e1roz\u00f3 adat, online azonos\u00edt\u00f3, vagy a term\u00e9szetes szem\u00e9ly testi, fiziol\u00f3giai, genetikai, szellemi, gazdas\u00e1gi, kultur\u00e1lis vagy szoci\u00e1lis azonoss\u00e1g\u00e1ra vonatkoz\u00f3 egy vagy t\u00f6bb t\u00e9nyez\u0151 alapj\u00e1n azonos\u00edthat\u00f3.<\/p><p>2.5. Adatkezel\u00e9s: az alkalmazott elj\u00e1r\u00e1st\u00f3l f\u00fcggetlen\u00fcl az adatokon v\u00e9gzett b\u00e1rmely m\u0171velet vagy m\u0171veletek \u00f6sszess\u00e9ge, \u00edgy p\u00e9ld\u00e1ul gy\u0171jt\u00e9se, felv\u00e9tele, r\u00f6gz\u00edt\u00e9se, rendszerez\u00e9se, t\u00e1rol\u00e1sa, megv\u00e1ltoztat\u00e1sa, felhaszn\u00e1l\u00e1sa, tov\u00e1bb\u00edt\u00e1sa, nyilv\u00e1noss\u00e1gra hozatala, \u00f6sszehangol\u00e1sa vagy \u00f6sszekapcsol\u00e1sa, z\u00e1rol\u00e1sa, t\u00f6rl\u00e9se \u00e9s megsemmis\u00edt\u00e9se, valamint az adatok tov\u00e1bbi felhaszn\u00e1l\u00e1s\u00e1nak megakad\u00e1lyoz\u00e1sa.<\/p><p>2.6. Adatkezel\u0151: a B-POLIFACTOREMING KFT ( 2543, S\u00fctt\u0151, Feh\u00e9r \u00fat 22. cg.: 11-09-020365 ), aki az adatkezel\u00e9s c\u00e9lj\u00e1t meghat\u00e1rozza, az adatkezel\u00e9sre vonatkoz\u00f3 d\u00f6nt\u00e9st meghozza \u00e9s v\u00e9grehajtja, vagy az \u00e1ltala megb\u00edzott adatfeldolgoz\u00f3val v\u00e9grehajtatja.<\/p><p>2.7. Adatfeldolgoz\u00e1s: az adatkezel\u00e9si m\u0171veletekhez kapcsol\u00f3d\u00f3 technikai feladatok elv\u00e9gz\u00e9se, f\u00fcggetlen\u00fcl a m\u0171veletek v\u00e9grehajt\u00e1s\u00e1hoz alkalmazott m\u00f3dszert\u0151l \u00e9s eszk\u00f6zt\u0151l, valamint az alkalmaz\u00e1s hely\u00e9t\u0151l.<\/p><p>2.8. Adatfeldolgoz\u00f3: az a term\u00e9szetes vagy jogi szem\u00e9ly, illetve jogi szem\u00e9lyis\u00e9ggel nem rendelkez\u0151 szervezet, aki vagy amely az Adatkezel\u0151 nev\u00e9ben szem\u00e9lyes adatot kezel.<\/p><p>2.9. Hozz\u00e1j\u00e1rul\u00e1s: az \u00c9rintett akarat\u00e1nak \u00f6nk\u00e9ntes, konkr\u00e9t \u00e9s megfelel\u0151 t\u00e1j\u00e9koztat\u00e1son alapul\u00f3 \u00e9s egy\u00e9rtelm\u0171 kinyilv\u00e1n\u00edt\u00e1sa, amellyel az \u00c9rintett nyilatkozat vagy a meger\u0151s\u00edt\u00e9st f\u00e9lre\u00e9rthetetlen\u00fcl kifejez\u0151 cselekedet \u00fatj\u00e1n jelzi, hogy beleegyez\u00e9s\u00e9t adja az \u0151t \u00e9rint\u0151 szem\u00e9lyes adatok kezel\u00e9s\u00e9hez.<\/p><p>2.10. Adattov\u00e1bb\u00edt\u00e1s: ha az adatot meghat\u00e1rozott harmadik szem\u00e9ly sz\u00e1m\u00e1ra hozz\u00e1f\u00e9rhet\u0151v\u00e9 teszik.<\/p><p>2.11. Nyilv\u00e1noss\u00e1gra hozatal: ha az adatot b\u00e1rki sz\u00e1m\u00e1ra hozz\u00e1f\u00e9rhet\u0151v\u00e9 teszik.<\/p><p>2.12. Adatt\u00f6rl\u00e9s: az adatok felismerhetetlenn\u00e9 t\u00e9tele oly m\u00f3don, hogy helyre\u00e1ll\u00edt\u00e1suk t\u00f6bb\u00e9 nem lehets\u00e9ges.<\/p><p>2.13. Adatmegsemmis\u00edt\u00e9s: az adatok vagy az azokat tartalmaz\u00f3 adathordoz\u00f3 teljes fizikai megsemmis\u00edt\u00e9se.<\/p><p>2.14. Tiltakoz\u00e1s: az \u00c9rintett nyilatkozata, amellyel szem\u00e9lyes adatainak kezel\u00e9s\u00e9t kifog\u00e1solja, \u00e9s az adatkezel\u00e9s megsz\u00fcntet\u00e9s\u00e9t, illetve a kezelt adatok t\u00f6rl\u00e9s\u00e9t k\u00e9ri. Ebben az esetben az Adatkezel\u0151 a szem\u00e9lyes adatokat nem kezelheti tov\u00e1bb, kiv\u00e9ve, ha bizony\u00edtja, hogy az adatkezel\u00e9st olyan k\u00e9nyszer\u00edt\u0151 jogos indokok indokolj\u00e1k, amelyek els\u0151bbs\u00e9get \u00e9lveznek az \u00c9rintett \u00e9rdekeivel, jogaival \u00e9s szabads\u00e1g\u00e1val szemben, vagy amelyek jogi ig\u00e9nyek el\u0151terjeszt\u00e9s\u00e9hez, \u00e9rv\u00e9nyes\u00edt\u00e9s\u00e9hez vagy v\u00e9delm\u00e9hez kapcsol\u00f3dnak.<\/p><p>2.15. Adatz\u00e1rol\u00e1s: az adatok tov\u00e1bb\u00edt\u00e1s\u00e1nak, megismer\u00e9s\u00e9nek, nyilv\u00e1noss\u00e1gra hozatal\u00e1nak, \u00e1talak\u00edt\u00e1s\u00e1nak, megv\u00e1ltoztat\u00e1s\u00e1nak, megsemmis\u00edt\u00e9s\u00e9nek, t\u00f6rl\u00e9s\u00e9nek, \u00f6sszekapcsol\u00e1s\u00e1nak vagy \u00f6sszehangol\u00e1s\u00e1nak \u00e9s felhaszn\u00e1l\u00e1s\u00e1nak v\u00e9glegesen vagy meghat\u00e1rozott id\u0151re t\u00f6rt\u00e9n\u0151 lehetetlenn\u00e9 t\u00e9tele.<\/p><p>2.16. Harmadik szem\u00e9ly: az a term\u00e9szetes vagy jogi szem\u00e9ly, illetve jogi szem\u00e9lyis\u00e9ggel nem rendelkez\u0151 szervezet, amely vagy aki nem azonos az \u00c9rintettel, az Adatkezel\u0151vel vagy az Adatfeldolgoz\u00f3val.<\/p><p>2.17. Profilalkot\u00e1s: a szem\u00e9lyes adatok automatiz\u00e1lt kezel\u00e9se, amelynek sor\u00e1n a szem\u00e9lyes adatokat valamely term\u00e9szetes szem\u00e9lyhez f\u0171z\u0151d\u0151 bizonyos jellemz\u0151k \u00e9rt\u00e9kel\u00e9s\u00e9re, elemz\u00e9s\u00e9re vagy el\u0151jelz\u00e9s\u00e9re haszn\u00e1lj\u00e1k.<\/p><p>2.18. Adatkezel\u00e9si t\u00e1j\u00e9koztat\u00f3: tekintettel arra, hogy az Adatkezel\u0151 szolg\u00e1ltat\u00e1sainak ig\u00e9nybev\u00e9tel\u00e9vel, term\u00e9keinek megv\u00e1s\u00e1rl\u00e1s\u00e1val, a Honlap l\u00e1togat\u00e1s\u00e1val, a Honlapon t\u00f6rt\u00e9n\u0151 kapcsolatfelv\u00e9tellel az \u00c9rintettek \u00e9s az Adatkezel\u0151 k\u00f6z\u00f6tt szerz\u0151d\u00e9s j\u00f6n l\u00e9tre, amellyel kapcsolatban megval\u00f3sul\u00f3 szem\u00e9lyes adat kezel\u00e9sekr\u0151l Adatkezel\u0151 jelen adatkezel\u00e9si t\u00e1j\u00e9koztat\u00f3val t\u00e1j\u00e9koztatja az \u00c9rintetteket. Adatkezel\u0151 fenntartja a jogot arra, hogy amennyiben az adatkezel\u00e9sben \u00e9rdemi v\u00e1ltoz\u00e1s t\u00f6rt\u00e9nik, jelen adatkezel\u00e9si t\u00e1j\u00e9koztat\u00f3t 15 napon bel\u00fcl m\u00f3dos\u00edtja \u00e9s a Honlapon k\u00f6zz\u00e9teszi.<\/p><p>Adatkezel\u0151 t\u00e1j\u00e9koztatja az \u00c9rintetteket, hogy az Adatkezel\u0151vel t\u00f6rt\u00e9n\u0151 szerz\u0151d\u00e9sk\u00f6t\u00e9ssel, a Honlapra t\u00f6rt\u00e9n\u0151 bel\u00e9p\u00e9ssel, regisztr\u00e1ci\u00f3val illetve funkci\u00f3inak haszn\u00e1lat\u00e1val minden tov\u00e1bbi jognyilatkozat n\u00e9lk\u00fcl tudom\u00e1sul veszik a jelen Adatkezel\u00e9si t\u00e1j\u00e9koztat\u00f3ban foglaltakat.<\/p><p>\u00a0<\/p><p><strong>3. ADATKEZEL\u00c9SEINK<\/strong><\/p><p>A B-POLIFACTOREMING adatkezel\u00e9sei az al\u00e1bbi GDPR 6. cikk (1) bekezd\u00e9se \u00e1ltal biztos\u00edtott jogalapokon t\u00f6rt\u00e9nhet:<\/p><p>az a) pont szerint az \u00c9rintett t\u00e1j\u00e9koztat\u00e1st k\u00f6vet\u0151en, hozz\u00e1j\u00e1rul\u00e1s\u00e1t adta (a tov\u00e1bbiakban: Hozz\u00e1j\u00e1rul\u00e1s) szem\u00e9lyes adatainak egy vagy t\u00f6bb c\u00e9lb\u00f3l t\u00f6rt\u00e9n\u0151 kezel\u00e9s\u00e9hez.<\/p><p>a b) pont szerint, az adatkezel\u00e9s olyan szerz\u0151d\u00e9s teljes\u00edt\u00e9s\u00e9hez sz\u00fcks\u00e9ges (a tov\u00e1bbiakban: Szerz\u0151d\u00e9s teljes\u00edt\u00e9se), amelyben az \u00c9rintett az egyik f\u00e9l vagy az a szerz\u0151d\u00e9s megk\u00f6t\u00e9s\u00e9t megel\u0151z\u0151en az \u00c9rintett k\u00e9r\u00e9s\u00e9re t\u00f6rt\u00e9n\u0151 l\u00e9p\u00e9sek megt\u00e9tel\u00e9hez sz\u00fcks\u00e9ges.<\/p><p>a c) pont szerint, az adatkezel\u00e9s az Adatkezel\u0151re vonatkoz\u00f3 jogi k\u00f6telezetts\u00e9g teljes\u00edt\u00e9s\u00e9hez sz\u00fcks\u00e9ges (tov\u00e1bbiakban: Jogi k\u00f6telezetts\u00e9g).<\/p><p>a d) pont szerint az adatkezel\u00e9s az \u00c9rintett vagy egy m\u00e1sik szem\u00e9ly l\u00e9tfontoss\u00e1g\u00fa \u00e9rdekeinek v\u00e9delme miatt sz\u00fcks\u00e9ges (tov\u00e1bbiakban: L\u00e9tfontoss\u00e1g\u00fa \u00e9rdek).<\/p><p>az e) pont szerint az adatkezel\u00e9s k\u00f6z\u00e9rdek\u0171 vagy az Adatkezel\u0151re ruh\u00e1zott k\u00f6zhatalmi jogos\u00edtv\u00e1ny gyakorl\u00e1sa keret\u00e9ben v\u00e9gzett feladat v\u00e9grehajt\u00e1s\u00e1hoz sz\u00fcks\u00e9ges (tov\u00e1bbiakban: K\u00f6z\u00e9rdek).<\/p><p>az f) pont szerint az adatkezel\u00e9s az Adatkezel\u0151 vagy egy harmadik f\u00e9l jogos \u00e9rdekeinek \u00e9rv\u00e9nyes\u00edt\u00e9s\u00e9hez sz\u00fcks\u00e9ges (tov\u00e1bbiakban: Jogos \u00e9rdek).<\/p><p>3.1. A Honlappal kapcsolatba ker\u00fcl\u0151 term\u00e9szetes szem\u00e9lyek adatainak kezel\u00e9se<\/p><p>Amennyiben az \u00c9rintett felveszi a kapcsolatot a B-POLIFACTOREMING-el a term\u00e9kkel kapcsolatos inform\u00e1ci\u00f3 k\u00e9r\u00e9s vagy b\u00e1rmilyen panaszbejelent\u00e9s miatt, \u00fagy nev\u00e9t, el\u00e9rhet\u0151s\u00e9geit, k\u00e9r\u00e9s\u00e9t r\u00f6gz\u00edtj\u00fck.<\/p><p>\u00c9rintettek k\u00f6re: B-POLIFACTOREMING-el kapcsolatot kezdem\u00e9nyez\u0151 mag\u00e1nszem\u00e9lyek<\/p><p>Adatkezel\u00e9s c\u00e9lja: inform\u00e1ci\u00f3 k\u00e9r\u00e9s, bejelent\u00e9s, kapcsolattart\u00e1s<\/p><p>Kezelt adatok k\u00f6re: n\u00e9v, telefonsz\u00e1m, e-mail c\u00edm \u00e9s egy\u00e9b \u00f6nk\u00e9ntesen megadott adatok<\/p><p>Az adatkezel\u00e9s jogalapja: GDPR 6. cikk (1) bek. a) pont alapj\u00e1n az \u00c9rintett hozz\u00e1j\u00e1rul\u00e1sa.<\/p><p>Az adatok forr\u00e1sa: az \u00c9rintettek<\/p><p>Adatt\u00f6rl\u00e9s id\u0151pontja: az \u00fczeneteket \u00e9s a szem\u00e9lyes adatokat az inform\u00e1ci\u00f3k\u00e9r\u00e9s, panasz megv\u00e1laszol\u00e1s\u00e1t k\u00f6vet\u0151en t\u00f6r\u00f6lj\u00fck. Amennyiben ad\u00f3jogi, polg\u00e1ri jogi vagy sz\u00e1mviteli okok miatt illetve a B-POLIFACTOREMING jogainak v\u00e9delme \u00e9rdek\u00e9ben indokolt, az adatokat 5 \u00e9vig \u0151rizz\u00fck.<\/p><p>Adattov\u00e1bb\u00edt\u00e1s: nem t\u00f6rt\u00e9nik.<\/p><p>3.2. A Honlapra t\u00f6rt\u00e9n\u0151 bejelentkez\u00e9s, regisztr\u00e1l\u00e1s sor\u00e1n megadott adatok kezel\u00e9se<\/p><p>A Weboldal ig\u00e9nybev\u00e9tel\u00e9hez nem k\u00f6telez\u0151 regisztr\u00e1lni, azonban ha az \u00c9rintett regisztr\u00e1lt, nem kell minden alkalommal elk\u00fcldeni a szem\u00e9lyes adatait.<\/p><p>\u00c9rintettek k\u00f6re: mindazok a term\u00e9szetes szem\u00e9lyek vagy azon jogi szem\u00e9lyek k\u00e9pviselet\u00e9ben elj\u00e1r\u00f3 mag\u00e1nszem\u00e9lyek, akik a Weboldalon el\u00e9rhet\u0151 szolg\u00e1ltat\u00e1sokat ig\u00e9nybe veszik.<\/p><p>Adatkezel\u00e9s c\u00e9lja: a felhaszn\u00e1l\u00f3k adatainak r\u00f6gz\u00edt\u00e9se, a kapcsolattart\u00e1s \u00e9s a szolg\u00e1ltat\u00e1s ig\u00e9nybe v\u00e9tele \u00e9rdek\u00e9ben.<\/p><p>Kezelt adatok k\u00f6re: n\u00e9v, e-mail c\u00edm, jelsz\u00f3<\/p><p>Az adatkezel\u00e9s jogalapja: GDPR 6. cikk (1) bek. a) pont \u00e9s Ektv. 13\/A. \u00a7 (4) bekezd\u00e9s alapj\u00e1n az \u00c9rintett hozz\u00e1j\u00e1rul\u00e1sa.<\/p><p>Az adatok forr\u00e1sa: az \u00c9rintettek<\/p><p>Adatt\u00f6rl\u00e9s id\u0151pontja: hozz\u00e1j\u00e1rul\u00e1s visszavon\u00e1s\u00e1nak napj\u00e1n t\u00f6rt\u00e9nik. Az \u00c9rintett b\u00e1rmikor t\u00f6r\u00f6lheti regisztr\u00e1ci\u00f3j\u00e1t, ebben az esetben adatait halad\u00e9ktalanul t\u00f6r\u00f6lj\u00fck.<\/p><p>Adattov\u00e1bb\u00edt\u00e1s: nem t\u00f6rt\u00e9nik.<\/p><p>3.3. Marketing c\u00e9l\u00fa megkeres\u00e9s, h\u00edrlev\u00e9l k\u00fcld\u00e9s sor\u00e1n megval\u00f3sul\u00f3 adatkezel\u00e9s<\/p><p>A BPOLIFACTOREMING h\u00edrlevelet k\u00fcld a h\u00edrlev\u00e9lre kifejezetten feliratkozott szem\u00e9lyek r\u00e9sz\u00e9re. A h\u00edrlev\u00e9lre feliratkozni a honlapon lehets\u00e9ges, az erre vonatkoz\u00f3 checkbox kipip\u00e1l\u00e1s\u00e1val vagy linkre t\u00f6rt\u00e9n\u0151 kattint\u00e1ssal.<\/p><p>\u00c9rintettek k\u00f6re: a h\u00edrlev\u00e9l c\u00edmzettjei<\/p><p>Adatkezel\u00e9s c\u00e9lja: a BPOLIFACTOREMING term\u00e9keinek ismertet\u00e9se, marketing \u00fczenetek megjelen\u00edt\u00e9se, t\u00e1j\u00e9koztat\u00e1s akci\u00f3kr\u00f3l, aktu\u00e1lis inform\u00e1ci\u00f3kr\u00f3l elektronikus direkt marketing \u00fczenet \u00fatj\u00e1n.<\/p><p>Kezelt adatok k\u00f6re: n\u00e9v, e-mail c\u00edm<\/p><p>Az adatkezel\u00e9s jogalapja: GDPR 6. cikk (1) bek. a) pont alapj\u00e1n az \u00c9rintett hozz\u00e1j\u00e1rul\u00e1sa, az Elker. tv. 13\/A. \u00a7-a \u00e9s a Grt. 6. \u00a7 (5) bekezd\u00e9se alapj\u00e1n<\/p><p>Az adatok forr\u00e1sa: az \u00c9rintettek<\/p><p>Adatt\u00f6rl\u00e9s id\u0151pontja: a hozz\u00e1j\u00e1rul\u00e1s visszavon\u00e1s\u00e1ig vagy a h\u00edrlev\u00e9lr\u0151l t\u00f6rt\u00e9n\u0151 leiratkoz\u00e1sig. A h\u00edrlev\u00e9lr\u0151l b\u00e1rmikor le lehet iratkozni az info@bpolifactoreming.com e-mail c\u00edmre vagy postai \u00faton a B-POLIFACTOREMING KFT. 2543, S\u00fctt\u0151, Feh\u00e9r \u00fat 22. c\u00edmre k\u00fcld\u00f6tt lev\u00e9llel illetve minden h\u00edrlev\u00e9l alj\u00e1n szerepl\u0151 \u201eleiratkozom a h\u00edrlev\u00e9lr\u0151l\u201d linkre t\u00f6rt\u00e9n\u0151 kattint\u00e1ssal. Aki a h\u00edrlev\u00e9lr\u0151l leiratkozott, az a tov\u00e1bbiakban nem kap h\u00edrlevelet. A hozz\u00e1j\u00e1rul\u00e1s visszavon\u00e1sa eset\u00e9n a hozz\u00e1j\u00e1rul\u00e1st b\u00e1rmikor \u00fajra meg lehet adni. A hozz\u00e1j\u00e1rul\u00e1s visszavon\u00e1s\u00e1hoz sz\u00fcks\u00e9ges a n\u00e9v \u00e9s az e-mail c\u00edm megad\u00e1sa az \u00c9rintett beazonos\u00edt\u00e1sa \u00e9rdek\u00e9ben. A hozz\u00e1j\u00e1rul\u00e1s visszavon\u00e1sa nem \u00e9rinti a visszavon\u00e1s el\u0151tti adatkezel\u00e9s jogszer\u0171s\u00e9g\u00e9t.<\/p><p>Adattov\u00e1bb\u00edt\u00e1s: a h\u00edrlev\u00e9l \u00c9rintettek r\u00e9sz\u00e9re t\u00f6rt\u00e9n\u0151 megk\u00fcld\u00e9se \u00e9rdek\u00e9ben a B-POLIFACTOREMING adatfeldolgoz\u00f3t vesz ig\u00e9nybe, az amerikai sz\u00e9khely\u0171 MailChimp (sz\u00e9khely: 675 Ponce De Leon Ave NE, Suite 5000 Atlanta, Georgia 30308 USA) szolg\u00e1ltat\u00f3t. K\u00e9rj\u00fck, hogy a h\u00edrlev\u00e9lre t\u00f6rt\u00e9n\u0151 feliratkoz\u00e1s el\u0151tt figyelmesen olvassa el a MailChimp adatkezel\u00e9si t\u00e1j\u00e9koztat\u00f3j\u00e1t: <a href=\"https:\/\/mailchimp.com\/legal\/privacy\/\">https:\/\/mailchimp.com\/legal\/privacy\/<\/a> , tekintettel arra, hogy a feliratkoz\u00e1ssal a MailChimp adatkezel\u00e9si t\u00e1j\u00e9koztat\u00f3j\u00e1t is elfogadja.<\/p><p>3.6. Telefonos \u00fcgyf\u00e9lszolg\u00e1lat (Call Center)<\/p><p>Az Adatkezel\u0151 telefonos \u00fcgyf\u00e9lszolg\u00e1latot tart fenn, amely r\u00f6gz\u00edt\u00e9sre ker\u00fclhet. Az Adatkezel\u0151 t\u00e1j\u00e9koztatja az \u00c9rintettet, hogy a h\u00edv\u00e1s kezdem\u00e9nyez\u00e9s\u00e9vel hozz\u00e1j\u00e1rul ahhoz, hogy a jelen Adatkezel\u00e9si t\u00e1j\u00e9koztat\u00f3 megismer\u00e9s\u00e9t k\u00f6vet\u0151en az Adatkezel\u0151 a besz\u00e9lget\u00e9st r\u00f6gz\u00edtse. A besz\u00e9lget\u00e9s elej\u00e9n a B-POLIFACTOREMING t\u00e1j\u00e9koztatja az \u00c9rintettet arr\u00f3l, hogy eld\u00f6nthesse, hogy hozz\u00e1j\u00e1rul-e ahhoz, hogy a besz\u00e9lget\u00e9s r\u00f6gz\u00edt\u00e9sre ker\u00fclj\u00f6n-e vagy sem. Ha az \u00c9rintett nem szeretn\u00e9, hogy a besz\u00e9lget\u00e9s r\u00f6gz\u00edt\u00e9sre ker\u00fclj\u00f6n, akkor a h\u00edv\u00e1st megszak\u00edtja \u00e9s e-mailben keresi meg az Adatkezel\u0151t.<\/p><p>\u00c9rintettek k\u00f6re: B-POLIFACTOREMING-el kapcsolatot kezdem\u00e9nyez\u0151 mag\u00e1nszem\u00e9lyek<\/p><p>Adatkezel\u00e9s c\u00e9lja: inform\u00e1ci\u00f3 k\u00e9r\u00e9s, bejelent\u00e9s, panaszt\u00e9tel, reklam\u00e1ci\u00f3, min\u0151s\u00e9gbiztos\u00edt\u00e1s, szerz\u0151d\u00e9s el\u0151k\u00e9sz\u00edt\u00e9se, teljes\u00edt\u00e9se<\/p><p>Kezelt adatok k\u00f6re: n\u00e9v, telefonsz\u00e1m, e-mail c\u00edm \u00e9s egy\u00e9b \u00f6nk\u00e9ntesen megadott adatok<\/p><p>Az adatkezel\u00e9s jogalapja: GDPR 6. cikk (1) bek. a) pont alapj\u00e1n az \u00c9rintett hozz\u00e1j\u00e1rul\u00e1sa, v\u00e1s\u00e1rl\u00f3k eset\u00e9n: GDPR 6. cikk (1) bek. b) pont \u00e9s Ektv. 13\/A. \u00a7 (1) \u00e9s (7) bekezd\u00e9sei alapj\u00e1n szerz\u0151d\u00e9s teljes\u00edt\u00e9se, j\u00f3t\u00e1ll\u00e1si vagy szavatoss\u00e1gi ig\u00e9ny eset\u00e9n: GDPR 6. cikk (1) bek. c) pont alapj\u00e1n az Adatkezel\u0151re vonatkoz\u00f3 jogi k\u00f6telezetts\u00e9g teljes\u00edt\u00e9se.<\/p><p>Az adatok forr\u00e1sa: az \u00c9rintettek<\/p><p>Adatt\u00f6rl\u00e9s id\u0151pontja: az \u00fczeneteket \u00e9s a szem\u00e9lyes adatokat az inform\u00e1ci\u00f3k\u00e9r\u00e9s, panasz megv\u00e1laszol\u00e1s\u00e1t k\u00f6vet\u0151en t\u00f6r\u00f6lj\u00fck. Amennyiben ad\u00f3jogi, polg\u00e1ri jogi vagy sz\u00e1mviteli okok miatt illetve a B-POLIFACTOREMING jogainak v\u00e9delme \u00e9rdek\u00e9ben indokolt, az adatokat 5 \u00e9vig \u0151rizz\u00fck.<\/p><p>Adattov\u00e1bb\u00edt\u00e1s: nem t\u00f6rt\u00e9nik, azonban a call center m\u0171k\u00f6dtet\u00e9se sor\u00e1n az adatkezel\u0151 adatfeldolgoz\u00f3t vehet ig\u00e9nybe.<\/p><p>3.7. Kapcsolattart\u00f3i adatkezel\u00e9sek<\/p><p>\u00c9rintettek k\u00f6re: az Adatkezel\u0151 jogi szem\u00e9ly partnereinek mag\u00e1nszem\u00e9ly kapcsolattart\u00f3i<\/p><p>Adatkezel\u00e9s c\u00e9lja: szerz\u0151d\u00e9s el\u0151k\u00e9sz\u00edt\u00e9s\u00e9hez, teljes\u00edt\u00e9s\u00e9hez, valamin jogi k\u00f6telezetts\u00e9g teljes\u00edt\u00e9s\u00e9hez sz\u00fcks\u00e9ges kapcsolattart\u00e1s<\/p><p>Kezelt adatok k\u00f6re: n\u00e9v, telefonsz\u00e1m, e-mail c\u00edm \u00e9s egy\u00e9b \u00f6nk\u00e9ntesen megadott adatok<\/p><p>Az adatkezel\u00e9s jogalapja: GDPR 6. cikk (1) bek. b) szerz\u0151d\u00e9s teljes\u00edt\u00e9se, \u00e9s a GDPR 6. cikk (1) bek. c) pont alapj\u00e1n az Adatkezel\u0151re vonatkoz\u00f3 jogi k\u00f6telezetts\u00e9g teljes\u00edt\u00e9se.<\/p><p>Az adatok forr\u00e1sa: az \u00c9rintettek<\/p><p>Adatt\u00f6rl\u00e9s id\u0151pontja: szerz\u0151d\u00e9s megsz\u0171n\u00e9s\u00e9t k\u00f6vet\u0151 5 \u00e9v, a sz\u00e1ml\u00e1z\u00e1si adatokat a szerz\u0151d\u00e9s megsz\u0171n\u00e9s\u00e9t k\u00f6vet\u0151 8 \u00e9v eltelt\u00e9vel t\u00f6r\u00f6lj\u00fck.<\/p><p>Adattov\u00e1bb\u00edt\u00e1s: a k\u00f6nyvel\u00e9st illetve a kisz\u00e1ll\u00edt\u00e1st v\u00e9gz\u0151 adatfeldolgoz\u00f3 r\u00e9sz\u00e9re t\u00f6rt\u00e9nik.<\/p><p>\u00a0<\/p><p><strong>4. AZ \u00c9RINTETTEK JOGAI, JOGORVOSLATI LEHET\u0150S\u00c9GEK:<\/strong><\/p><p>T\u00e1j\u00e9koztat\u00e1st k\u00e9rhetnek szem\u00e9lyes adataik kezel\u00e9s\u00e9r\u0151l, k\u00e9rhetik azok helyesb\u00edt\u00e9s\u00e9t, illetve \u2013 a hozz\u00e1j\u00e1rul\u00e1son alapul\u00f3 adatkezel\u00e9s eset\u00e9n \u2013 t\u00f6rl\u00e9s\u00e9t, korl\u00e1toz\u00e1s\u00e1t, visszavon\u00e1s\u00e1t, tov\u00e1bb\u00e1 bizonyos esetekben tiltakozhatnak a szem\u00e9lyes adatainak kezel\u00e9se ellen.<\/p><p>T\u00e1j\u00e9koztat\u00e1shoz val\u00f3 jog:<\/p><p>Az Adatkezel\u0151 az \u00c9rintett r\u00e9sz\u00e9re a szem\u00e9lyes adatok kezel\u00e9s\u00e9re vonatkoz\u00f3 minden inform\u00e1ci\u00f3t \u00e9s t\u00e1j\u00e9koztat\u00e1st t\u00f6m\u00f6ren, \u00e1tl\u00e1that\u00f3an, vil\u00e1gosan \u00e9s k\u00f6z\u00e9rthet\u0151en megfogalmazva ny\u00fajtja. A t\u00e1j\u00e9koztat\u00e1shoz val\u00f3 jog \u00edr\u00e1sban gyakorolhat\u00f3.<\/p><p>Hozz\u00e1f\u00e9r\u00e9shez val\u00f3 jog:<\/p><p>Az \u00c9rintett jogosult arra, hogy az Adatkezel\u0151t\u0151l visszajelz\u00e9st kapjon arra vonatkoz\u00f3an, hogy szem\u00e9lyes adatainak kezel\u00e9se folyamatban van-e, milyen szem\u00e9lyes adatokat, milyen c\u00e9lra, mennyi ideig kezeli, kinek adja \u00e1t, honnan sz\u00e1rmaznak, ezzel kapcsolatban milyen jogai vannak.<\/p><p>Adatkezel\u0151 a k\u00e9relem beny\u00fajt\u00e1s\u00e1t\u00f3l sz\u00e1m\u00edtott 30 napon bel\u00fcl adja meg a t\u00e1j\u00e9koztat\u00e1st.<\/p><p>Helyesb\u00edt\u00e9s joga:<\/p><p>Az \u00c9rintett k\u00e9rheti az Adatkezel\u0151 \u00e1ltal kezelt, r\u00e1 vonatkoz\u00f3 pontatlan szem\u00e9lyes adatok helyesb\u00edt\u00e9s\u00e9t \u00e9s a hi\u00e1nyos adatok kieg\u00e9sz\u00edt\u00e9s\u00e9t.<\/p><p>T\u00f6rl\u00e9shez val\u00f3 jog:<\/p><p>Az \u00c9rintett az al\u00e1bbi indokok fenn\u00e1ll\u00e1sa eset\u00e9n jogosult arra, hogy k\u00e9r\u00e9s\u00e9re az Adatkezel\u0151 indokolatlan k\u00e9sedelem n\u00e9lk\u00fcl t\u00f6r\u00f6lje a r\u00e1 vonatkoz\u00f3 szem\u00e9lyes adatokat:<\/p><ul><li aria-level=\"1\">a szem\u00e9lyes adatokra m\u00e1r nincs sz\u00fcks\u00e9g abb\u00f3l a c\u00e9lb\u00f3l, amelyb\u0151l azokat gy\u0171jt\u00f6tt\u00e9k vagy m\u00e1s m\u00f3don kezelt\u00e9k<\/li><li aria-level=\"1\">az \u00c9rintett visszavonja az adatkezel\u00e9s alapj\u00e1t k\u00e9pez\u0151 hozz\u00e1j\u00e1rul\u00e1s\u00e1t \u00e9s az adatkezel\u00e9snek nincs m\u00e1s jogalapja,<\/li><\/ul><ul><li aria-level=\"1\">az \u00c9rintett tiltakozik az adatkezel\u00e9s ellen \u00e9s nincs els\u0151bbs\u00e9get \u00e9lvez\u0151 jogszer\u0171 ok az adatkezel\u00e9sre,<\/li><li aria-level=\"1\">a szem\u00e9lyes adatokat jogellenesen kezelt\u00e9k,<\/li><li aria-level=\"1\">a szem\u00e9lyes adatokat az Adatkezel\u0151re vonatkoz\u00f3 uni\u00f3s vagy tag\u00e1llami jogban el\u0151\u00edrt k\u00f6telezetts\u00e9g teljes\u00edt\u00e9s\u00e9hez t\u00f6r\u00f6lni kell.<\/li><li aria-level=\"1\">a szem\u00e9lyes adatok gy\u0171jt\u00e9s\u00e9re inform\u00e1ci\u00f3s t\u00e1rsadalommal \u00f6sszef\u00fcgg\u0151 szolg\u00e1ltat\u00e1sok k\u00edn\u00e1l\u00e1s\u00e1val kapcsolatosan ker\u00fclt sor.<\/li><\/ul><p>Az adatok t\u00f6rl\u00e9se nem kezdem\u00e9nyezhet\u0151, ha az adatkezel\u00e9s a szem\u00e9lyes adatok kezel\u00e9s\u00e9t el\u0151\u00edr\u00f3, az Adatkezel\u0151re vonatkoz\u00f3 uni\u00f3s vagy tag\u00e1llami jog szerinti k\u00f6telezetts\u00e9g teljes\u00edt\u00e9se vagy jogi ig\u00e9nyek el\u0151terjeszt\u00e9se, \u00e9rv\u00e9nyes\u00edt\u00e9se, v\u00e9delme c\u00e9lj\u00e1b\u00f3l sz\u00fcks\u00e9ges.<\/p><p>A tiltakoz\u00e1shoz val\u00f3 jog:<\/p><p>Az \u00c9rintett jogosult arra, hogy tiltakozzon szem\u00e9lyes adatainak kezel\u00e9se ellen, ha arra<\/p><ul><li aria-level=\"1\">kiz\u00e1r\u00f3lag Adatkezel\u0151 vagy egy harmadik f\u00e9l jogos \u00e9rdekeinek \u00e9rv\u00e9nyes\u00edt\u00e9s\u00e9hez sz\u00fcks\u00e9ges, ide\u00e9rtve a profilalkot\u00e1st. Ebben az esetben az Adatkezel\u0151 a szem\u00e9lyes adatokat nem kezelheti tov\u00e1bb, kiv\u00e9ve, ha az Adatkezel\u0151 bizony\u00edtja, hogy az adatkezel\u00e9st olyan k\u00e9nyszer\u00edt\u0151 jogos indokolj\u00e1k, amelyek els\u0151bbs\u00e9get \u00e9lveznek az \u00c9rintett jogaival, szabads\u00e1g\u00e1val szemben, vagy amelyek jogi ig\u00e9nyek el\u0151terjeszt\u00e9s\u00e9hez, \u00e9rv\u00e9nyes\u00edt\u00e9s\u00e9hez vagy v\u00e9delm\u00e9hez kapcsol\u00f3dnak.<\/li><li aria-level=\"1\">ha a szem\u00e9lyes adatok kezel\u00e9s\u00e9re tudom\u00e1nyos \u00e9s t\u00f6rt\u00e9nelmi kutat\u00e1si c\u00e9lb\u00f3l vagy statisztikai c\u00e9lb\u00f3l ker\u00fcl sor, kiv\u00e9ve, ha az adatkezel\u00e9sre k\u00f6z\u00e9rdek\u0171 okb\u00f3l v\u00e9gzett feladat v\u00e9grehajt\u00e1sa \u00e9rdek\u00e9ben van sz\u00fcks\u00e9g.<\/li><\/ul><p>Az Adatkezel\u0151 a tiltakoz\u00e1st a lehet\u0151 legr\u00f6videbb id\u0151n bel\u00fcl megvizsg\u00e1lja \u00e9s err\u0151l az \u00c9rintettet 30 napon bel\u00fcl t\u00e1j\u00e9koztatja.<\/p><p>Az adatkezel\u00e9s korl\u00e1toz\u00e1s\u00e1hoz val\u00f3 jog:<\/p><p>Az \u00c9rintett k\u00e9r\u00e9s\u00e9re az Adatkezel\u0151 korl\u00e1tozza az adatkezel\u00e9st, ha az al\u00e1bbi felt\u00e9telek valamelyike teljes\u00fcl:<\/p><ul><li aria-level=\"1\">az \u00c9rintett vitatja a szem\u00e9lyes adatok pontoss\u00e1g\u00e1t, ez esetben korl\u00e1toz\u00e1s arra az id\u0151tartamra vonatkozik, amely lehet\u0151v\u00e9 teszi a szem\u00e9lyes adatok pontoss\u00e1g\u00e1nak ellen\u0151rz\u00e9s\u00e9t,<\/li><li aria-level=\"1\">az adatkezel\u00e9s jogellenes, \u00e9s az \u00c9rintett ellenzi az adatok t\u00f6rl\u00e9s\u00e9t, \u00e9s ehelyett k\u00e9ri azok felhaszn\u00e1l\u00e1s\u00e1nak korl\u00e1toz\u00e1s\u00e1t,<\/li><li aria-level=\"1\">az Adatkezel\u0151nek m\u00e1r nincs sz\u00fcks\u00e9ge a szem\u00e9lyes adatokra adatkezel\u00e9s c\u00e9lj\u00e1b\u00f3l, de az \u00c9rintett ig\u00e9nyli azokat jogi ig\u00e9nyek el\u0151terjeszt\u00e9s\u00e9hez, \u00e9rv\u00e9nyes\u00edt\u00e9s\u00e9hez vagy v\u00e9delm\u00e9hez vagy<\/li><li aria-level=\"1\">az \u00c9rintett tiltakozott az adatkezel\u00e9s ellen, ez esetben a korl\u00e1toz\u00e1s arra az id\u0151tartamra vonatkozik, am\u00edg meg\u00e1llap\u00edt\u00e1sra nem ker\u00fcl, hogy az Adatkezel\u0151 jogos indokai els\u0151bbs\u00e9get \u00e9lveznek-e az \u00c9rintett jogos indokaival szemben.<\/li><\/ul><p>Ha az adatkezel\u00e9s korl\u00e1toz\u00e1s al\u00e1 esik, a szem\u00e9lyes adatokat a t\u00e1rol\u00e1s kiv\u00e9tel\u00e9vel csak az \u00c9rintett hozz\u00e1j\u00e1rul\u00e1s\u00e1val, vagy jogi ig\u00e9nyek el\u0151terjeszt\u00e9s\u00e9hez, \u00e9rv\u00e9nyes\u00edt\u00e9s\u00e9hez vagy v\u00e9delm\u00e9hez vagy m\u00e1s term\u00e9szetes szem\u00e9ly vagy jogi szem\u00e9ly jogainak v\u00e9delme \u00e9rdek\u00e9ben vagy az Uni\u00f3, illetve m\u00e1s tag\u00e1llam fontos k\u00f6z\u00e9rdek\u00e9b\u0151l lehet kezelni.<\/p><p>Adatkezel\u0151 minden olyan c\u00edmzettet t\u00e1j\u00e9koztat a szem\u00e9lyes adatok helyesb\u00edt\u00e9s\u00e9r\u0151l, t\u00f6rl\u00e9s\u00e9r\u0151l vagy az adatkezel\u00e9s korl\u00e1toz\u00e1s\u00e1r\u00f3l, akivel a szem\u00e9lyes adatot k\u00f6z\u00f6lt\u00e9k, kiv\u00e9ve, ha ez lehetetlennek bizonyul, vagy ar\u00e1nytalanul nagy er\u0151fesz\u00edt\u00e9st ig\u00e9nyel. Az \u00c9rintettet k\u00e9r\u00e9s\u00e9re az Adatkezel\u0151 t\u00e1j\u00e9koztatja e c\u00edmzettekr\u0151l.<\/p><p>Adathordozhat\u00f3s\u00e1ghoz val\u00f3 jog:<\/p><p>Az \u00e9rintett jogosult arra, hogy a r\u00e1 vonatkoz\u00f3, \u00e1ltala egy adatkezel\u0151 rendelkez\u00e9s\u00e9re bocs\u00e1tott szem\u00e9lyes adatokat tagolt, sz\u00e9les k\u00f6rben haszn\u00e1lt, g\u00e9ppel olvashat\u00f3 form\u00e1tumban megkapja, tov\u00e1bb\u00e1 jogosult arra, hogy ezeket az adatokat egy m\u00e1sik adatkezel\u0151nek tov\u00e1bb\u00edtsa an\u00e9lk\u00fcl, hogy ezt akad\u00e1lyozn\u00e1 az az adatkezel\u0151, amelynek a szem\u00e9lyes adatokat a rendelkez\u00e9s\u00e9re bocs\u00e1totta, ha az adatkezel\u00e9s az \u00e9rintett hozz\u00e1j\u00e1rul\u00e1s\u00e1n alapul vagy az szerz\u0151d\u00e9s teljes\u00edt\u00e9s\u00e9hez sz\u00fcks\u00e9ges \u00e9s az adatkezel\u00e9s automatiz\u00e1lt m\u00f3don t\u00f6rt\u00e9nik. Az \u00e9rintett jogosult arra \u2013 hogy ha az technikailag megval\u00f3s\u00edthat\u00f3 \u2013 k\u00e9rje a szem\u00e9lyes adatok adatkezel\u0151k k\u00f6z\u00f6tti k\u00f6zvetlen tov\u00e1bb\u00edt\u00e1st. Az adathordozhat\u00f3s\u00e1ghoz val\u00f3 jog nem s\u00e9rtheti a t\u00f6rl\u00e9shez val\u00f3 jogot. Az adathordozhat\u00f3s\u00e1ghoz val\u00f3 jog nem s\u00e9rtheti az \u00e9rintett t\u00f6rl\u00e9shez val\u00f3 jog\u00e1t. Az adathordozhat\u00f3s\u00e1ghoz val\u00f3 jog nem \u00e9rintheti h\u00e1tr\u00e1nyosan m\u00e1sok jogait \u00e9s szabads\u00e1gait.<\/p><p>Panaszjog:<\/p><p>Fenti jogai ir\u00e1nti ig\u00e9ny\u00e9t vagy ha az adatkezel\u00e9s sor\u00e1n s\u00e9relem \u00e9rte, panasz\u00e1t az info@bpolifaktoreming.com e-mail c\u00edmre k\u00fcld\u00f6tt e-mailben vagy a B-POLIFACTOREMING sz\u00e9khely\u00e9re k\u00fcld\u00f6tt postai lev\u00e9lben terjesztheti el\u0151. Az Adatkezel\u0151 k\u00f6telezetts\u00e9get v\u00e1llal arra, hogy a megkeres\u00e9st\u0151l sz\u00e1m\u00edtott 30 napon bel\u00fcl t\u00e1j\u00e9koztatja az \u00c9rintettet a megtett int\u00e9zked\u00e9seir\u0151l.<\/p><p>Amennyiben az Adatkezel\u0151 panasz\u00e1nak kezel\u00e9s\u00e9r\u0151l nem t\u00e1j\u00e9koztatja vagy nem vizsg\u00e1lja ki, joga van panaszt beny\u00fajtani az illet\u00e9kes fel\u00fcgyeleti hat\u00f3s\u00e1gnak: Nemzeti Adatv\u00e9delmi \u00e9s Inform\u00e1ci\u00f3sszabads\u00e1g Hat\u00f3s\u00e1g (sz\u00e9khely: 1125 Budapest, Szil\u00e1gyi Erzs\u00e9bet fasor 22\/C, levelez\u00e9si c\u00edm: 1530 Budapest, Pf.: 5., telefon: +3613911400, fax: +3613911410, e-mail: ugyfelszolgalat@naih.hu). A NAIH d\u00f6nt\u00e9se ellen b\u00edr\u00f3s\u00e1gi fel\u00fclvizsg\u00e1lat kezdem\u00e9nyezhet\u0151.<\/p><p>Fentieken t\u00falmen\u0151en keresetet ind\u00edthat az Adatkezel\u0151 ellen. A b\u00edr\u00f3s\u00e1g az \u00fcgyben soron k\u00edv\u00fcl j\u00e1r el.<\/p><p>\u00a0<\/p><p><strong>5. AZ ADATKEZEL\u0150 ADATAI:<\/strong><\/p><p>C\u00e9gn\u00e9v: B-POLIFACTOREMING Korl\u00e1tolt felel\u0151ss\u00e9g\u0171 t\u00e1rsas\u00e1g<\/p><p>Sz\u00e9khely: 2543, S\u00fctt\u0151, Feh\u00e9r \u00fat 22. C\u00e9gjegyz\u00e9ksz\u00e1m:11-09-020365, ad\u00f3sz\u00e1m: 23910625-2-11<\/p><p>K\u00e9pviseli: Bal\u00e1zs Csaba \u00fcgyvezet\u0151<\/p><p>Telefon: +36 20 379 4460, e-mail c\u00edm: info@bpolifactoreming.com<\/p><p>Adatkezel\u0151 adatv\u00e9delmi tisztvisel\u0151 kijel\u00f6l\u00e9s\u00e9re nem k\u00f6teles.<\/p><p>\u00a0<\/p><p><strong>6. ADATFELDOLGOZ\u00d3K:<\/strong><\/p><p>Adatkezel\u0151 tev\u00e9kenys\u00e9ge ell\u00e1t\u00e1sa \u00e9rdek\u00e9ben az al\u00e1bbi Adatfeldolgoz\u00f3kat veszi ig\u00e9nybe:<\/p><ol><li aria-level=\"1\">AMG Solution Kft (sz\u00e9khelye: 2800 Tatab\u00e1nya, Aradi V\u00e9rtan\u00fak tere 8. 4. em. 14., email: hello@amgsolution.hu<\/li><\/ol><p>adatfeldolgoz\u00e1s c\u00e9lja: t\u00e1rhelyszolg\u00e1ltat\u00e1s, IT t\u00e1mogat\u00e1s<\/p><p>\u00e9rintett adatok k\u00f6re: a 3. pontban meghat\u00e1rozott adatok. Az adatfeldolgoz\u00f3 a szem\u00e9lyes adatokat a feladat teljes\u00edt\u00e9s\u00e9n k\u00edv\u00fcli egy\u00e9b c\u00e9lra nem haszn\u00e1lhatja.<\/p><ol><li aria-level=\"1\">MailChimp (sz\u00e9khely: 675 Ponce De Leon Ave NE, Suite 5000 Atlanta, Georgia 30308 USA)<\/li><\/ol><p>adatfeldolgoz\u00e1s c\u00e9lja: h\u00edrlev\u00e9l k\u00fcld\u00e9s<\/p><p>\u00e9rintett adatok k\u00f6re: n\u00e9v, e-mail c\u00edm. Adatfeldolgoz\u00f3 az \u00c9rintett nev\u00e9t \u00e9s e-mail c\u00edm\u00e9t a h\u00edrlev\u00e9l k\u00fcld\u00e9s\u00e9n k\u00edv\u00fcli c\u00e9lra nem haszn\u00e1lhatja. Adatfeldolgoz\u00f3 adatkezel\u00e9si t\u00e1j\u00e9koztat\u00f3ja a <a href=\"http:\/\/www.mailchimp.com\/legal\/privacy\">www.mailchimp.com\/legal\/privacy<\/a> internetes oldalon tal\u00e1lhat\u00f3.<\/p><p>\u00a0<\/p><p>Adatkezel\u0151 fenntartja a jogot, hogy a j\u00f6v\u0151ben tov\u00e1bbi adatfeldolgoz\u00f3kat vonjon be az adatkezel\u00e9sbe, amelyr\u0151l a jelen Adatkezel\u00e9si T\u00e1j\u00e9koztat\u00f3 m\u00f3dos\u00edt\u00e1s\u00e1val t\u00e1j\u00e9koztatja az \u00c9rintetteket.<\/p><p>\u00a0<\/p><p><strong>7. AZ ADATOK V\u00c9DELME:<\/strong><\/p><p>Szem\u00e9lyes adatot kiz\u00e1r\u00f3lag jelen adatkezel\u00e9si t\u00e1j\u00e9koztat\u00f3ban meghat\u00e1rozott c\u00e9lb\u00f3l \u00e9s ideig kezel\u00fcnk. Kiz\u00e1r\u00f3lag olyan szem\u00e9lyes adatot kezel\u00fcnk, amely az adatkezel\u00e9s c\u00e9lj\u00e1nak megval\u00f3sul\u00e1s\u00e1hoz elengedhetetlen \u00e9s a c\u00e9l el\u00e9r\u00e9s\u00e9re alkalmas.<\/p><p>V\u00e9dj\u00fck a szem\u00e9lyes adatokat a jogosulatlan hozz\u00e1f\u00e9r\u00e9s, megv\u00e1ltoztat\u00e1s, tov\u00e1bb\u00edt\u00e1s, nyilv\u00e1noss\u00e1gra hozatal, t\u00f6rl\u00e9s vagy megsemmis\u00edt\u00e9s, valamint a v\u00e9letlen megsemmis\u00fcl\u00e9s, s\u00e9r\u00fcl\u00e9s, valamint az alkalmazott technika megv\u00e1ltoz\u00e1s\u00e1b\u00f3l ad\u00f3d\u00f3 hozz\u00e1f\u00e9rhetetlenn\u00e9 v\u00e1l\u00e1s ellen, biztos\u00edtjuk a szem\u00e9lyes adatok s\u00e9rtetlens\u00e9g\u00e9t tov\u00e1bb\u00e1 azt, hogy a szem\u00e9lyes adathoz csak az f\u00e9rjen hozz\u00e1, aki erre jogosult vagy akinek az adott adatkezel\u00e9ssel kapcsolatosan feladata van.<\/p><p>Szem\u00e9lyes adatokat MD5 hashel\u00e9ssel titkos\u00edtva (pszeudo-anonimiz\u00e1lva) t\u00e1roljuk.<\/p><p>Minden olyan harmadik felet, akinek adatokat az \u00c9rintett hozz\u00e1j\u00e1rul\u00e1sa alapj\u00e1n tov\u00e1bb\u00edtjuk vagy \u00e1tadjuk, felh\u00edvjuk, hogy tegyenek eleget az adatv\u00e9delmi k\u00f6vetelm\u00e9nyeknek. Ezt a k\u00f6telezetts\u00e9get az adatkezel\u00e9si tev\u00e9kenys\u00e9g\u00e9ben r\u00e9sztvev\u0151 munkav\u00e1llal\u00f3ink \u00e9s adatfeldolgoz\u00f3ink r\u00e9sz\u00e9re is el\u0151\u00edrjuk. Munkav\u00e1llal\u00f3inkat az adat-\u00e9s inform\u00e1ci\u00f3biztons\u00e1g k\u00f6vetelm\u00e9nyeire rendszeresen oktatjuk, az iratkezel\u00e9s sor\u00e1n az adatbiztons\u00e1g k\u00f6vetelm\u00e9nyeit betartjuk.<\/p><p>Sz\u00e1m\u00edt\u00f3g\u00e9peink antiv\u00edrus programmal \u00e9s jelsz\u00f3val v\u00e9dettek, idegen adathordoz\u00f3 haszn\u00e1lata korl\u00e1tozott \u00e9s csak biztons\u00e1gos k\u00f6r\u00fclm\u00e9nyek k\u00f6z\u00f6tt, ellen\u0151rz\u00e9st k\u00f6vet\u0151en megengedett. Az adatokr\u00f3l biztons\u00e1gi ment\u00e9seket k\u00e9sz\u00edt\u00fcnk k\u00fcls\u0151 adathordoz\u00f3ra, amelynek biztons\u00e1gi \u0151rz\u00e9s\u00e9r\u0151l gondoskodunk.<\/p><p>Szem\u00e9lyes adatokat sz\u00e1m\u00edt\u00f3g\u00e9peink merevlemezein valamint megb\u00edzhat\u00f3an z\u00e1rt helyen elhelyezett \u2013 antiv\u00edrus alkalmaz\u00e1sokkal v\u00e9dett \u2013 saj\u00e1t szervereinken t\u00e1rolunk, amelyhez szigor\u00fa jogosults\u00e1gkezel\u00e9si szab\u00e1lyok alapj\u00e1n csak korl\u00e1tozott szem\u00e9lyi k\u00f6r f\u00e9rhet hozz\u00e1. A szerver el\u00e9r\u00e9s\u00e9hez rate limitet haszn\u00e1lunk.<\/p><p>Adatv\u00e9delmi incidens eset\u00e9n \u2013 az incidenskezel\u00e9si szab\u00e1lyzatunknak megfelel\u0151en \u2013 72 \u00f3r\u00e1n bel\u00fcl bejelent\u00e9st tesz\u00fcnk a fel\u00fcgyeleti hat\u00f3s\u00e1gnak \u00e9s nyilv\u00e1ntart\u00e1st is vezet\u00fcnk r\u00f3la.<\/p><p>Tatab\u00e1nya, 2021. j\u00fanius 14.<\/p>\t\t\t\t\t\t\t\t<\/div>\n\t\t\t\t<\/div>\n\t\t\t\t\t<\/div>\n\t\t<\/div>\n\t\t\t\t\t<\/div>\n\t\t<\/section>\n\t\t\t\t<\/div>\n\t\t","protected":false},"excerpt":{"rendered":"<p>Adatv\u00e9delmi t\u00e1j\u00e9koztat\u00f3 1. BEVEZET\u00c9S: A www.bpolifactoreming.com weboldal \u00fczemeltet\u0151je a B-Polifactoreming Korl\u00e1tolt felel\u0151ss\u00e9g\u0171 t\u00e1rsas\u00e1g (sz\u00e9khelye: 2543, S\u00fctt\u0151, Feh\u00e9r \u00fat 22. cg.: 11-09-020365, tov\u00e1bbiakban: mint Adatkezel\u0151 vagy B-POLIFACTOREMING ) az al\u00e1bbiakban t\u00e1j\u00e9koztatja a Felhaszn\u00e1l\u00f3kat a Honlapon t\u00f6rt\u00e9n\u0151 \u00e9s az \u00e1ltala ny\u00fajtott szolg\u00e1ltat\u00e1ssal \u00f6sszef\u00fcgg\u0151 adatkezel\u00e9sekkel kapcsolatban az inform\u00e1ci\u00f3s \u00f6nrendelkez\u00e9si jogr\u00f3l \u00e9s az inform\u00e1ci\u00f3sszabads\u00e1gr\u00f3l sz\u00f3l\u00f3 2011. \u00e9vi CXII. tv., [&hellip;]<\/p>\n","protected":false},"author":1,"featured_media":0,"parent":0,"menu_order":0,"comment_status":"closed","ping_status":"closed","template":"","meta":{"footnotes":""},"class_list":["post-919","page","type-page","status-publish","hentry"],"_links":{"self":[{"href":"https:\/\/bpolifactoreming.com\/en\/wp-json\/wp\/v2\/pages\/919","targetHints":{"allow":["GET"]}}],"collection":[{"href":"https:\/\/bpolifactoreming.com\/en\/wp-json\/wp\/v2\/pages"}],"about":[{"href":"https:\/\/bpolifactoreming.com\/en\/wp-json\/wp\/v2\/types\/page"}],"author":[{"embeddable":true,"href":"https:\/\/bpolifactoreming.com\/en\/wp-json\/wp\/v2\/users\/1"}],"replies":[{"embeddable":true,"href":"https:\/\/bpolifactoreming.com\/en\/wp-json\/wp\/v2\/comments?post=919"}],"version-history":[{"count":10,"href":"https:\/\/bpolifactoreming.com\/en\/wp-json\/wp\/v2\/pages\/919\/revisions"}],"predecessor-version":[{"id":930,"href":"https:\/\/bpolifactoreming.com\/en\/wp-json\/wp\/v2\/pages\/919\/revisions\/930"}],"wp:attachment":[{"href":"https:\/\/bpolifactoreming.com\/en\/wp-json\/wp\/v2\/media?parent=919"}],"curies":[{"name":"wp","href":"https:\/\/api.w.org\/{rel}","templated":true}]}}